{"id":803,"date":"2022-01-31T18:59:59","date_gmt":"2022-01-31T17:59:59","guid":{"rendered":"http:\/\/avtechsummit.com\/index.php\/les-paroles-des-experts-3\/"},"modified":"2026-08-14T14:47:52","modified_gmt":"2026-08-14T12:47:52","slug":"les-paroles-des-experts-3","status":"publish","type":"page","link":"https:\/\/avtechsummit.com\/index.php\/les-paroles-des-experts-3\/","title":{"rendered":"Paroles experts"},"content":{"rendered":"\n    \n    <section class=\"u-align-center u-clearfix u-container-align-center u-section-2\" id=\"block-1\">\n      <div class=\"u-clearfix u-sheet u-valign-middle u-sheet-1\">\n        <h1 class=\"u-align-center u-text u-text-default u-text-1\">Retrouvez les Conf\u00e9rences et Paroles d'Experts 2026&nbsp;&nbsp;<\/h1>\n      <\/div>\n    <\/section>\n    <section class=\"u-align-left u-clearfix u-container-align-left u-hidden-xl u-section-3\" id=\"carousel_df32\">\n      <div class=\"u-clearfix u-sheet u-sheet-1\">\n        <blockquote class=\"u-border-20 u-border-custom-color-1 u-custom-font u-heading-font u-text u-text-custom-color-1 u-text-default u-text-1\">\n          <font style=\"vertical-align: inherit;\">\n            <font style=\"vertical-align: inherit;\">\n              <font style=\"vertical-align: inherit;\">\n                <font style=\"vertical-align: inherit;\">\n                  <font style=\"vertical-align: inherit;\">\n                    <font style=\"vertical-align: inherit;\">Une Conf\u00e9rence, pourquoi ?<\/font>\n                  <\/font>\n                <\/font>\n              <\/font>\n            <\/font>\n          <\/font>\n        <\/blockquote>\n        <h4 class=\"u-text u-text-2\">\n          <font style=\"vertical-align: inherit;\">\n            <font style=\"vertical-align: inherit;\">\n              <font style=\"vertical-align: inherit;\">\n                <font style=\"vertical-align: inherit;\">\n                  <font style=\"vertical-align: inherit;\">\n                    <font style=\"vertical-align: inherit;\"><\/font>\n                  <\/font>\n                <\/font>\n              <\/font>\n            <\/font>\n          <\/font>Pour des \u200bpr\u00e9sentations de cas\n      d\u2019usages, produits, solutions, r\u00e9alisations de projets, retours\n      d\u2019exp\u00e9riences clients.&nbsp;<br>Par des fabricants, int\u00e9grateurs, bureaux d\u2019\u00e9tudes\n      et usagers&nbsp;&nbsp;\n        <\/h4>\n      <\/div>\n    <\/section>\n    <section class=\"u-align-left u-clearfix u-container-align-left u-hidden u-section-4\" id=\"sec-cac5\">\n      <div class=\"u-clearfix u-sheet u-sheet-1\">\n        <blockquote class=\"u-border-20 u-border-custom-color-1 u-custom-font u-heading-font u-text u-text-custom-color-1 u-text-default u-text-1\">\n          <font style=\"vertical-align: inherit;\">\n            <font style=\"vertical-align: inherit;\">\n              <font style=\"vertical-align: inherit;\">\n                <font style=\"vertical-align: inherit;\">\n                  <font style=\"vertical-align: inherit;\">\n                    <font style=\"vertical-align: inherit;\">Une Parole d'Experts, pourquoi ?<\/font>\n                  <\/font>\n                <\/font>\n              <\/font>\n            <\/font>\n          <\/font>\n        <\/blockquote>\n        <h4 class=\"u-text u-text-2\">\n          <font style=\"vertical-align: inherit;\">\n            <font style=\"vertical-align: inherit;\">\n              <font style=\"vertical-align: inherit;\">\n                <font style=\"vertical-align: inherit;\">\n                  <font style=\"vertical-align: inherit;\">\n                    <font style=\"vertical-align: inherit;\"><\/font>\n                  <\/font>\n                <\/font>\n              <\/font>\n            <\/font>\n          <\/font>Pour des \u200bpr\u00e9sentations de cas\n      d\u2019usages, produits, solutions, r\u00e9alisations de projets, retours\n      d\u2019exp\u00e9riences clients.&nbsp;<br>Par des fabricants, int\u00e9grateurs, bureaux d\u2019\u00e9tudes\n      et usagers&nbsp;&nbsp;\n        <\/h4>\n      <\/div>\n    <\/section>\n    <section class=\"u-align-left u-clearfix u-container-align-left u-section-5\" id=\"sec-5659\">\n      <div class=\"u-clearfix u-sheet u-valign-middle-lg u-valign-middle-md u-valign-middle-sm u-valign-middle-xs u-sheet-1\">\n        <div class=\"u-expanded-width u-tab-links-align-justify u-tabs u-tabs-1\">\n          <ul class=\"u-spacing-30 u-tab-list u-unstyled\" role=\"tablist\"><li class=\"u-tab-item\" role=\"presentation\"><a class=\"active u-active-custom-color-1 u-button-style u-custom-font u-heading-font u-tab-link u-tab-link-1\" id=\"link-tab-081f\" href=\"#tab-081f\" role=\"tab\" aria-controls=\"tab-081f\" aria-selected=\"true\">CONFERENCES<\/a>\n<\/li><li class=\"u-tab-item u-tab-item-2\" role=\"presentation\"><a class=\"u-active-custom-color-1 u-button-style u-custom-font u-heading-font u-tab-link u-tab-link-2\" id=\"tab-d7e7\" href=\"#link-tab-d7e7\" role=\"tab\" aria-controls=\"link-tab-d7e7\" aria-selected=\"false\">PAROLES D'EXPERTS<\/a>\n<\/li><\/ul>\n          <div class=\"u-tab-content\">\n            <div class=\"u-container-style u-tab-active u-tab-pane\" id=\"tab-081f\" role=\"tabpanel\" aria-labelledby=\"link-tab-081f\">\n              <div class=\"u-container-layout u-container-layout-1\">\n                <h1 class=\"u-text u-text-body-color u-text-default u-text-1\">Mardi 3 novembre<\/h1>\n                <div class=\"custom-expanded u-list u-list-1\">\n                  <div class=\"u-repeater u-repeater-1\">\n                    <div class=\"u-align-center u-border-2 u-border-custom-color-16 u-container-style u-list-item u-repeater-item\">\n                      <div class=\"u-container-layout u-similar-container u-container-layout-2\">\n                        <p class=\"u-text u-text-custom-color-16 u-text-default u-text-2\">Mardi 3 novembre - 19h30<\/p>\n                        <p class=\"u-align-center u-text u-text-default u-text-3\"> \"SUJET A VENIR\"<\/p>\n                        <a class=\"u-active-none u-border-none u-btn u-button-link u-button-style u-hover-none u-none u-text-body-color u-btn-1\" href=\"\" target=\"_blank\">Intervenants \u00e0 venir&nbsp;<\/a>\n                      <\/div>\n                    <\/div>\n                  <\/div>\n                <\/div>\n                <h1 class=\"u-text u-text-body-color u-text-default u-text-4\">Mercredi 4 novembre<\/h1>\n                <div class=\"u-expanded-width u-list u-list-2\">\n                  <div class=\"u-repeater u-repeater-2\">\n                    <div class=\"u-align-center u-border-2 u-border-custom-color-16 u-container-style u-list-item u-repeater-item\">\n                      <div class=\"u-container-layout u-similar-container u-container-layout-3\">\n                        <p class=\"u-text u-text-custom-color-16 u-text-default u-text-5\">Mercredi 4 novembre - 9h<\/p>\n                        <p class=\"u-align-center u-text u-text-default u-text-6\"> \"\u200bSUJET A VENIR\"<\/p>\n                        <a class=\"u-active-none u-border-none u-btn u-button-link u-button-style u-hover-none u-none u-text-body-color u-btn-2\" href=\"\" target=\"_blank\">Intervenants \u00e0 venir&nbsp;<\/a>\n                      <\/div>\n                    <\/div>\n                  <\/div>\n                <\/div>\n                <div class=\"u-expanded-width u-list u-list-3\">\n                  <div class=\"u-repeater u-repeater-3\">\n                    <div class=\"u-align-center u-border-2 u-border-custom-color-16 u-container-style u-list-item u-repeater-item\">\n                      <div class=\"u-container-layout u-similar-container u-container-layout-4\">\n                        <p class=\"u-text u-text-custom-color-16 u-text-default u-text-7\">Mercredi 4 novembre - 14h10<\/p>\n                        <p class=\"u-align-center u-text u-text-default u-text-8\">\"The AI Workplace is Here <br>Cr\u00e9er des espaces intelligents, plus collaboratifs et plus performants\"&nbsp;<br>\n                        <\/p>\n                        <img decoding=\"async\" class=\"custom-expanded u-image u-image-contain u-image-default u-image-1\" src=\"https:\/\/i0.wp.com\/avtechsummit.com\/wp-content\/uploads\/2023\/08\/CISCO-3.png?w=1140&#038;ssl=1\" alt=\"\" data-image-width=\"800\" data-image-height=\"422\" data-href=\"https:\/\/www.cisco.com\/site\/fr\/fr\/index.html\" data-target=\"_blank\" data-recalc-dims=\"1\">\n                        <p class=\"u-align-center u-text u-text-default u-text-9\">\n                          <a class=\"u-active-none u-border-none u-btn u-button-link u-button-style u-hover-none u-none u-text-body-color u-btn-3\" href=\"https:\/\/www.linkedin.com\/in\/laurentpeltier\/\" target=\"_blank\"> Laurent PELTIER - Sales Director Collaboration France<\/a>\n                        <\/p>\n                        <p class=\"u-align-center u-text u-text-default u-text-10\">\n                          <a class=\"u-active-none u-border-none u-btn u-button-link u-button-style u-hover-none u-none u-text-body-color u-btn-4\" href=\"https:\/\/www.linkedin.com\/in\/xhemery\/\" target=\"_blank\"> Xavier HEMERY - Sales Engineer Director Collaboration South<\/a>\n                        <\/p>\n                      <\/div>\n                    <\/div>\n                  <\/div>\n                <\/div>\n                <h1 class=\"u-text u-text-body-color u-text-default u-text-11\">Jeudi 5 novembre<\/h1>\n                <div class=\"u-expanded-width u-list u-list-4\">\n                  <div class=\"u-repeater u-repeater-4\">\n                    <div class=\"u-align-center u-border-2 u-border-custom-color-16 u-container-align-center u-container-style u-list-item u-repeater-item\">\n                      <div class=\"u-container-layout u-similar-container u-container-layout-5\">\n                        <p class=\"u-text u-text-custom-color-16 u-text-default u-text-12\">Jeudi 5 novembre - 9h15<\/p>\n                        <p class=\"u-align-center u-text u-text-default u-text-13\">SUJET EN COURS D'ELABORATON <\/p>\n                        <img decoding=\"async\" class=\"u-image u-image-default u-image-2\" src=\"https:\/\/i0.wp.com\/avtechsummit.com\/wp-content\/uploads\/2026\/08\/image-scaled.png?w=1140&#038;ssl=1\" alt=\"\" data-image-width=\"3000\" data-image-height=\"2000\" data-recalc-dims=\"1\">\n                        <a class=\"u-active-none u-border-none u-btn u-button-link u-button-style u-hover-none u-none u-text-body-color u-btn-5\" href=\"\" target=\"_blank\">Intervenant(s) \u00e0 venir<\/a>\n                      <\/div>\n                    <\/div>\n                  <\/div>\n                <\/div>\n                <div class=\"u-expanded-width u-list u-list-5\">\n                  <div class=\"u-repeater u-repeater-5\">\n                    <div class=\"u-align-center u-border-2 u-border-custom-color-16 u-container-style u-list-item u-repeater-item\">\n                      <div class=\"u-container-layout u-similar-container u-container-layout-6\">\n                        <p class=\"u-text u-text-custom-color-16 u-text-default u-text-14\">Jeudi 5 novembre - 12h15<\/p>\n                        <p class=\"u-align-center u-text u-text-15\"> \u201cLa performance ne peut se construire sans confiance, et la confiance commence par la ma\u00eetrise souveraine des donn\u00e9es\u201d<br>\n                        <\/p>\n                        <img decoding=\"async\" class=\"custom-expanded u-image u-image-contain u-image-default u-image-3\" src=\"https:\/\/i0.wp.com\/avtechsummit.com\/wp-content\/uploads\/2026\/06\/LOGO_HEXATRUST_TRANSPARENT_NOIR.png?w=1140&#038;ssl=1\" alt=\"\" data-image-width=\"800\" data-image-height=\"253\" data-href=\"https:\/\/www.hexatrust.com\/a-propos\/\" data-target=\"_blank\" data-recalc-dims=\"1\">\n                        <p class=\"u-align-center u-text u-text-default u-text-16\">\n                          <a class=\"u-active-none u-border-none u-btn u-button-link u-button-style u-hover-none u-none u-text-body-color u-btn-6\" href=\"https:\/\/www.linkedin.com\/in\/jndegalzain-cybersecurity-privacy-entrepreneurship\/\" target=\"_blank\"> Jean-No\u00ebl de GALZAIN - Pr\u00e9sident Hexatrust et CEO de Wallix Group<\/a>\n                        <\/p>\n                      <\/div>\n                    <\/div>\n                  <\/div>\n                <\/div>\n                <div class=\"u-expanded-width u-list u-list-6\">\n                  <div class=\"u-repeater u-repeater-6\">\n                    <div class=\"u-align-center u-border-2 u-border-custom-color-16 u-container-align-center u-container-style u-list-item u-repeater-item\">\n                      <div class=\"u-container-layout u-similar-container u-container-layout-7\">\n                        <p class=\"u-text u-text-custom-color-16 u-text-default u-text-17\">Jeudi 5 novembre - 14h30<\/p>\n                        <p class=\"u-align-center u-text u-text-18\"> \u201c\u200bLa mod\u00e9lisation du comportement d'un utilisateur au sein du b\u00e2timent\u201d<br>\n                        <\/p>\n                        <img decoding=\"async\" class=\"custom-expanded u-image u-image-contain u-image-default u-image-4\" src=\"https:\/\/i0.wp.com\/avtechsummit.com\/wp-content\/uploads\/2026\/08\/Logo-CESI.jpg?w=1140&#038;ssl=1\" alt=\"\" data-image-width=\"1200\" data-image-height=\"675\" data-href=\"https:\/\/www.hexatrust.com\/a-propos\/\" data-target=\"_blank\" data-recalc-dims=\"1\">\n                        <p class=\"u-align-center u-text u-text-default u-text-19\">\n                          <a class=\"u-active-none u-border-none u-btn u-button-link u-button-style u-hover-none u-none u-text-body-color u-btn-7\" href=\"\" target=\"_blank\">Intervenant(s) \u00e0 venir<\/a>\n                        <\/p>\n                      <\/div>\n                    <\/div>\n                  <\/div>\n                <\/div>\n              <\/div>\n            <\/div>\n            <div class=\"u-container-style u-tab-pane\" id=\"link-tab-d7e7\" role=\"tabpanel\" aria-labelledby=\"tab-d7e7\">\n              <div class=\"u-container-layout u-container-layout-8\">\n                <h5 class=\"u-text u-text-body-color u-text-default u-text-20\">Mercredi 4 novembre&nbsp;<\/h5>\n                <div class=\"custom-expanded u-list u-list-7\">\n                  <div class=\"u-repeater u-repeater-7\">\n                    <div class=\"u-align-center u-border-2 u-border-custom-color-16 u-container-align-center u-container-style u-list-item u-repeater-item\">\n                      <div class=\"u-container-layout u-similar-container u-container-layout-9\">\n                        <img decoding=\"async\" class=\"u-image u-image-contain u-image-round u-radius u-image-5\" src=\"https:\/\/i0.wp.com\/avtechsummit.com\/wp-content\/uploads\/2023\/05\/videlio.png?w=1140&#038;ssl=1\" alt=\"\" data-image-width=\"631\" data-image-height=\"116\" data-href=\"https:\/\/www.bing.com\/search?q=videlio&amp;cvid=c5e92f55c4564b679f4cc4eba1313b49&amp;gs_lcrp=EgRlZGdlKgYIABBFGDkyBggAEEUYOTIGCAEQABhAMgYIAhAAGEAyBggDEAAYQDIGCAQQABhAMgYIBRAAGEAyBggGEAAYQDIGCAcQABhAMgYICBAAGEAyCAgJEOkHGPxV0gEHODQ5ajBqOagCCLACAQ&amp;FORM=ANAB01&amp;adppc=EDGEINJP&amp;PC=EDGEINJP\" data-target=\"_blank\" data-recalc-dims=\"1\">\n                        <p class=\"u-text u-text-custom-color-16 u-text-21\"><b>\"Quand chaque seconde compte.<br><i>Comment gagner en efficacit\u00e9, en coordination et en assurance face \u00e0 la crise ?\"<\/i><\/b>\n                        <\/p>\n                        <p class=\"u-text u-text-default u-text-22\">\n                          <a class=\"u-active-none u-border-none u-btn u-button-link u-button-style u-hover-none u-none u-text-body-color u-btn-8\" href=\"https:\/\/www.linkedin.com\/in\/guillaume-guerin-74660a18\/\" target=\"_blank\"> Guillaume GUERIN - Directeur G\u00e9n\u00e9ral Agelec, Videlio Group&nbsp;<\/a>\n                        <\/p>\n                        <p class=\"u-text u-text-black u-text-default u-text-23\">\n                          <a class=\"u-active-none u-border-none u-btn u-button-link u-button-style u-hover-none u-none u-text-body-color u-btn-9\" href=\"https:\/\/www.linkedin.com\/in\/martin-prieto-022226167\/\" target=\"_blank\"> Martin PRIETO - Charg\u00e9 de Mission \u00e0 la Direction R\u00e9gionale de Nouvelle Aquitaine<br>SNCF Gare et Connexions\n                          <\/a>\n                        <\/p>\n                        <p class=\"u-text u-text-default u-text-24\">\n                          <a class=\"u-active-none u-border-none u-btn u-button-link u-button-style u-hover-none u-none u-text-body-color u-btn-10\" href=\"https:\/\/www.linkedin.com\/in\/donovanhawker\/\" target=\"_blank\"> Donovan HAWKER - Pr\u00e9sident de Hawker&amp;Partners, Conseil en Gestion de Crise<\/a>\n                        <\/p>\n                      <\/div>\n                    <\/div>\n                  <\/div>\n                <\/div>\n                <div class=\"custom-expanded u-list u-list-8\">\n                  <div class=\"u-repeater u-repeater-8\">\n                    <div class=\"u-align-center u-border-2 u-border-custom-color-16 u-container-align-center u-container-style u-list-item u-repeater-item\">\n                      <div class=\"u-container-layout u-similar-container u-container-layout-10\">\n                        <img decoding=\"async\" class=\"u-image u-image-contain u-image-round u-radius u-image-6\" src=\"https:\/\/i0.wp.com\/avtechsummit.com\/wp-content\/uploads\/2025\/09\/ORANGEBUSINESS.png?w=1140&#038;ssl=1\" alt=\"\" data-image-width=\"800\" data-image-height=\"276\" data-href=\"https:\/\/www.orange-business.com\/fr\/espace-client-entreprise\" data-target=\"_blank\" data-recalc-dims=\"1\">\n                        <p class=\"u-text u-text-custom-color-16 u-text-25\">\"\u200b\u200bComment le Centre d\u2019Inspiration Clients d\u2019Orange s\u2019est r\u00e9invent\u00e9&nbsp;!\"<\/p>\n                        <p class=\"u-text u-text-26\">\n                          <a class=\"u-active-none u-border-none u-btn u-button-link u-button-style u-hover-none u-none u-text-body-color u-btn-11\" href=\"https:\/\/www.linkedin.com\/in\/karim-himmiche-4b20548\/\" target=\"_blank\">Karim HIMMICHE - Manager du Customer Inspiration Center pour les entreprises d\u2019Orange<br>\n                          <\/a>\n                        <\/p>\n                        <p class=\"u-text u-text-default u-text-27\">\n                          <a class=\"u-active-none u-border-none u-btn u-button-link u-button-style u-hover-none u-none u-text-body-color u-btn-12\" href=\"https:\/\/www.linkedin.com\/in\/gabriel-chegaray\/\" target=\"_blank\"> Gabriel CHEGARAY - Directeur des solutions Workplace<br>d\u2019Orange Business\n                          <\/a>\n                        <\/p>\n                      <\/div>\n                    <\/div>\n                  <\/div>\n                <\/div>\n                <div class=\"u-expanded-width u-list u-list-9\">\n                  <div class=\"u-repeater u-repeater-9\">\n                    <div class=\"u-align-center u-border-2 u-border-custom-color-16 u-container-align-center u-container-style u-list-item u-repeater-item\">\n                      <div class=\"u-container-layout u-similar-container u-container-layout-11\">\n                        <img decoding=\"async\" class=\"u-image u-image-contain u-image-round u-radius u-image-7\" src=\"https:\/\/i0.wp.com\/avtechsummit.com\/wp-content\/uploads\/2026\/01\/VITEC-scaled.jpg?w=1140&#038;ssl=1\" alt=\"\" data-image-width=\"800\" data-image-height=\"450\" data-href=\"https:\/\/www.vitec.com\/\" data-target=\"_blank\" data-recalc-dims=\"1\">\n                        <p class=\"u-text u-text-custom-color-16 u-text-28\">\"\u200b\u200bLe Workspace connect\u00e9 : de la communication interne aux applications strat\u00e9giques via une infrastructure vid\u00e9o s\u00e9curis\u00e9e et \u00e9volutive\"<\/p>\n                        <p class=\"u-text u-text-29\">\n                          <a class=\"u-active-none u-border-none u-btn u-button-link u-button-style u-hover-none u-none u-text-body-color u-btn-13\" href=\"https:\/\/www.linkedin.com\/in\/thibautboissot\/\" target=\"_blank\"> Thibaut BOISSOT - Sales Manager - Vitec<\/a>\n                        <\/p>\n                      <\/div>\n                    <\/div>\n                  <\/div>\n                <\/div>\n                <div class=\"u-expanded-width u-list u-list-10\">\n                  <div class=\"u-repeater u-repeater-10\">\n                    <div class=\"u-align-center u-border-2 u-border-custom-color-16 u-container-align-center u-container-style u-list-item u-repeater-item\">\n                      <div class=\"u-container-layout u-similar-container u-container-layout-12\">\n                        <p class=\"u-text u-text-custom-color-16 u-text-30\">SUJET A VENIR<\/p>\n                        <img decoding=\"async\" class=\"u-image u-image-contain u-image-default u-image-8\" src=\"https:\/\/i0.wp.com\/avtechsummit.com\/wp-content\/uploads\/2026\/08\/deemply_h_purple1.png?w=1140&#038;ssl=1\" alt=\"\" data-image-width=\"800\" data-image-height=\"225\" data-recalc-dims=\"1\">\n                        <p class=\"u-text u-text-31\">\n                          <a class=\"u-active-none u-border-none u-btn u-button-link u-button-style u-hover-none u-none u-text-body-color u-btn-14\" href=\"\" target=\"_blank\">INTERVENANT A VENIR&nbsp;<\/a>\n                        <\/p>\n                      <\/div>\n                    <\/div>\n                  <\/div>\n                <\/div>\n                <div class=\"u-expanded-width u-list u-list-11\">\n                  <div class=\"u-repeater u-repeater-11\">\n                    <div class=\"u-align-center u-border-2 u-border-custom-color-16 u-container-align-center u-container-style u-list-item u-repeater-item\">\n                      <div class=\"u-container-layout u-similar-container u-container-layout-13\">\n                        <p class=\"u-text u-text-custom-color-16 u-text-32\">SUJET A VENIR<\/p>\n                        <img decoding=\"async\" class=\"u-image u-image-contain u-image-default u-image-9\" src=\"https:\/\/i0.wp.com\/avtechsummit.com\/wp-content\/uploads\/2026\/07\/DELLTECHNOLOGIES-scaled.png?w=1140&#038;ssl=1\" alt=\"\" data-image-width=\"800\" data-image-height=\"104\" data-href=\"https:\/\/www.dell.com\/fr-fr\/lp\/dt\/tech-direct?msockid=1ef78c2cd1ce61653be99a84d0bd60cd\" data-target=\"_blank\" data-recalc-dims=\"1\">\n                        <p class=\"u-text u-text-33\">\n                          <a class=\"u-active-none u-border-none u-btn u-button-link u-button-style u-hover-none u-none u-text-body-color u-btn-15\" href=\"\" target=\"_blank\">INTERVENANT A VENIR&nbsp;<\/a>\n                        <\/p>\n                      <\/div>\n                    <\/div>\n                  <\/div>\n                <\/div>\n                <div class=\"u-expanded-width u-list u-list-12\">\n                  <div class=\"u-repeater u-repeater-12\">\n                    <div class=\"u-align-center u-border-2 u-border-custom-color-16 u-container-align-center u-container-style u-list-item u-repeater-item\">\n                      <div class=\"u-container-layout u-similar-container u-container-layout-14\">\n                        <p class=\"u-text u-text-custom-color-16 u-text-34\">SUJET A VENIR<\/p>\n                        <img decoding=\"async\" class=\"u-image u-image-contain u-image-default u-image-10\" src=\"https:\/\/i0.wp.com\/avtechsummit.com\/wp-content\/uploads\/2026\/05\/COMEEN.png?w=1140&#038;ssl=1\" alt=\"\" data-image-width=\"218\" data-image-height=\"71\" data-href=\"https:\/\/comeen.com\/fr\" data-target=\"_blank\" data-recalc-dims=\"1\">\n                        <p class=\"u-text u-text-35\">\n                          <a class=\"u-active-none u-border-none u-btn u-button-link u-button-style u-hover-none u-none u-text-body-color u-btn-16\" href=\"\" target=\"_blank\">INTERVENANT A VENIR&nbsp;<\/a>\n                        <\/p>\n                      <\/div>\n                    <\/div>\n                  <\/div>\n                <\/div>\n                <div class=\"u-expanded-width u-list u-list-13\">\n                  <div class=\"u-repeater u-repeater-13\">\n                    <div class=\"u-align-center u-border-2 u-border-custom-color-16 u-container-align-center u-container-style u-list-item u-repeater-item\">\n                      <div class=\"u-container-layout u-similar-container u-container-layout-15\">\n                        <p class=\"u-text u-text-custom-color-16 u-text-36\">SUJET A VENIR<\/p>\n                        <img decoding=\"async\" class=\"u-image u-image-contain u-image-default u-image-11\" src=\"https:\/\/i0.wp.com\/avtechsummit.com\/wp-content\/uploads\/2023\/08\/BARCO-2.png?w=1140&#038;ssl=1\" alt=\"\" data-image-width=\"800\" data-image-height=\"537\" data-href=\"https:\/\/www.barco.com\/fr\" data-target=\"_blank\" data-recalc-dims=\"1\">\n                        <p class=\"u-text u-text-37\">\n                          <a class=\"u-active-none u-border-none u-btn u-button-link u-button-style u-hover-none u-none u-text-body-color u-btn-17\" href=\"\" target=\"_blank\">INTERVENANT A VENIR&nbsp;<\/a>\n                        <\/p>\n                      <\/div>\n                    <\/div>\n                  <\/div>\n                <\/div>\n                <div class=\"u-expanded-width u-list u-list-14\">\n                  <div class=\"u-repeater u-repeater-14\">\n                    <div class=\"u-align-center u-border-2 u-border-custom-color-16 u-container-align-center u-container-style u-list-item u-repeater-item\">\n                      <div class=\"u-container-layout u-similar-container u-container-layout-16\">\n                        <img decoding=\"async\" class=\"u-image u-image-contain u-image-round u-radius u-image-12\" src=\"https:\/\/i0.wp.com\/avtechsummit.com\/wp-content\/uploads\/2023\/08\/PhilipsMonitors.jpg?w=1140&#038;ssl=1\" alt=\"\" data-image-width=\"800\" data-image-height=\"456\" data-href=\"https:\/\/www.philips.fr\/c-m-so\/moniteurs\" data-target=\"_blank\" data-recalc-dims=\"1\">\n                        <p class=\"u-text u-text-custom-color-16 u-text-38\">\"\u200b\u200b\u200b\u200bComment le moniteur r\u00e9volutionne le poste de travail ?\"<\/p>\n                        <p class=\"u-text u-text-39\">\n                          <a class=\"u-active-none u-border-none u-btn u-button-link u-button-style u-hover-none u-none u-text-body-color u-btn-18\" href=\"https:\/\/www.linkedin.com\/in\/leonardpierre\/\" target=\"_blank\"> Pierre LEONARD - Directeur France - Philips Moniteurs France<br>\n                          <\/a>\n                        <\/p>\n                        <p class=\"u-text u-text-default u-text-40\">\n                          <a class=\"u-active-none u-border-none u-btn u-button-link u-button-style u-hover-none u-none u-text-body-color u-btn-19\" href=\"https:\/\/www.linkedin.com\/in\/christophe-gaborit-66aa2431\/\" target=\"_blank\"> Christophe GABORIT -  Senior Corporate Manager - Philips Moniteurs France<\/a>\n                        <\/p>\n                      <\/div>\n                    <\/div>\n                  <\/div>\n                <\/div>\n                <div class=\"u-expanded-width u-list u-list-15\">\n                  <div class=\"u-repeater u-repeater-15\">\n                    <div class=\"u-align-center u-border-2 u-border-custom-color-16 u-container-align-center u-container-style u-list-item u-repeater-item\">\n                      <div class=\"u-container-layout u-similar-container u-container-layout-17\">\n                        <img decoding=\"async\" class=\"u-image u-image-contain u-image-round u-radius u-image-13\" src=\"https:\/\/i0.wp.com\/avtechsummit.com\/wp-content\/uploads\/2023\/08\/GOBRIGHT-scaled.jpg?w=1140&#038;ssl=1\" alt=\"\" data-image-width=\"800\" data-image-height=\"164\" data-href=\"https:\/\/gobright.com\/fr\/\" data-target=\"_blank\" data-recalc-dims=\"1\">\n                        <p class=\"u-text u-text-custom-color-16 u-text-41\"> \"L'espace de travail personnalis\u00e9 : cr\u00e9er un lien entre les employ\u00e9s de bureau et leur b\u00e2timent\"<\/p>\n                        <p class=\"u-text u-text-42\">\n                          <a class=\"u-active-none u-border-none u-btn u-button-link u-button-style u-hover-none u-none u-text-body-color u-btn-20\" href=\"https:\/\/www.linkedin.com\/in\/chris-wiegeraad-310480a\/\" target=\"_blank\"> Chris WIEGERAAD - CCO - Go Bright<\/a>\n                        <\/p>\n                      <\/div>\n                    <\/div>\n                  <\/div>\n                <\/div>\n                <div class=\"u-expanded-width u-list u-list-16\">\n                  <div class=\"u-repeater u-repeater-16\">\n                    <div class=\"u-align-center u-border-2 u-border-custom-color-16 u-container-align-center u-container-style u-list-item u-repeater-item\">\n                      <div class=\"u-container-layout u-similar-container u-container-layout-18\">\n                        <img decoding=\"async\" class=\"u-image u-image-contain u-image-round u-radius u-image-14\" src=\"https:\/\/i0.wp.com\/avtechsummit.com\/wp-content\/uploads\/2026\/02\/VayanData_gradiant-scaled.png?w=1140&#038;ssl=1\" alt=\"\" data-image-width=\"800\" data-image-height=\"335\" data-href=\"https:\/\/vayandata.com\/\" data-target=\"_blank\" data-recalc-dims=\"1\">\n                        <p class=\"u-text u-text-custom-color-16 u-text-43\"> \"Allier performance \u00e9nerg\u00e9tique et exp\u00e9rience collaborateur\"<\/p>\n                        <p class=\"u-text u-text-44\">\n                          <a class=\"u-active-none u-border-none u-btn u-button-link u-button-style u-hover-none u-none u-text-body-color u-btn-21\" href=\"https:\/\/www.linkedin.com\/in\/poumeyrol\/\" target=\"_blank\"> Olivier POUMEYROL - Co Founder - VAYANDATA <\/a>\n                        <\/p>\n                      <\/div>\n                    <\/div>\n                  <\/div>\n                <\/div>\n                <div class=\"u-expanded-width u-list u-list-17\">\n                  <div class=\"u-repeater u-repeater-17\">\n                    <div class=\"u-align-center u-border-2 u-border-custom-color-16 u-container-align-center u-container-style u-list-item u-repeater-item\">\n                      <div class=\"u-container-layout u-similar-container u-container-layout-19\">\n                        <img decoding=\"async\" class=\"u-image u-image-contain u-image-round u-radius u-image-15\" src=\"https:\/\/i0.wp.com\/avtechsummit.com\/wp-content\/uploads\/2023\/08\/CISCO-3.png?w=1140&#038;ssl=1\" alt=\"\" data-image-width=\"800\" data-image-height=\"422\" data-href=\"https:\/\/www.cisco.com\/site\/fr\/fr\/index.html\" data-target=\"_blank\" data-recalc-dims=\"1\">\n                        <p class=\"u-text u-text-custom-color-16 u-text-45\">\"\u200bFrom AI hype to smart workplace : rendre l\u2019IA concr\u00e8te dans vos espaces de travail\"<\/p>\n                        <p class=\"u-text u-text-46\">\n                          <a class=\"u-active-none u-border-none u-btn u-button-link u-button-style u-hover-none u-none u-text-body-color u-btn-22\" href=\"\" target=\"_blank\">Intervenants \u00e0 venir<\/a>\n                        <\/p>\n                      <\/div>\n                    <\/div>\n                  <\/div>\n                <\/div>\n                <div class=\"u-expanded-width u-list u-list-18\">\n                  <div class=\"u-repeater u-repeater-18\">\n                    <div class=\"u-align-center u-border-2 u-border-custom-color-16 u-container-align-center u-container-style u-list-item u-repeater-item\">\n                      <div class=\"u-container-layout u-similar-container u-container-layout-20\">\n                        <img decoding=\"async\" class=\"u-image u-image-contain u-image-round u-radius u-image-16\" src=\"https:\/\/i0.wp.com\/avtechsummit.com\/wp-content\/uploads\/2025\/06\/Vecos.png?w=1140&#038;ssl=1\" alt=\"\" data-image-width=\"800\" data-image-height=\"400\" data-href=\"https:\/\/www.bing.com\/search?q=vecos&amp;qs=n&amp;form=QBRE&amp;sp=-1&amp;ghc=1&amp;lq=0&amp;pq=veco&amp;sc=12-4&amp;sk=&amp;cvid=8BF59071BDF04F299A8E1E836D9C90B6\" data-target=\"_blank\" data-recalc-dims=\"1\">\n                        <p class=\"u-text u-text-custom-color-16 u-text-47\">\"\u200b 2026 Global Workplace Adaptivity Index Insights\"<\/p>\n                        <p class=\"u-text u-text-48\">\n                          <a class=\"u-active-none u-border-none u-btn u-button-link u-button-style u-hover-none u-none u-text-body-color u-btn-23\" href=\"https:\/\/www.linkedin.com\/in\/danielvarela1978\/\" target=\"_blank\">Daniel VARELA - Senior Workplace Advisor&nbsp;<\/a>\n                        <\/p>\n                      <\/div>\n                    <\/div>\n                  <\/div>\n                <\/div>\n                <h5 class=\"u-text u-text-body-color u-text-default u-text-49\">Jeudi 5 novembre<\/h5>\n                <div class=\"u-expanded-width u-list u-list-19\">\n                  <div class=\"u-repeater u-repeater-19\">\n                    <div class=\"u-align-center u-border-2 u-border-custom-color-16 u-container-align-center u-container-style u-list-item u-repeater-item\">\n                      <div class=\"u-container-layout u-similar-container u-container-layout-21\">\n                        <p class=\"u-text u-text-custom-color-16 u-text-50\">SUJET A VENIR<\/p>\n                        <p class=\"u-text u-text-51\">\n                          <a class=\"u-active-none u-border-none u-btn u-button-link u-button-style u-hover-none u-none u-text-body-color u-btn-24\" href=\"\" target=\"_blank\">INTERVENANT A VENIR<\/a>\n                        <\/p>\n                      <\/div>\n                    <\/div>\n                  <\/div>\n                <\/div>\n                <div class=\"u-expanded-width u-list u-list-20\">\n                  <div class=\"u-repeater u-repeater-20\">\n                    <div class=\"u-align-center u-border-2 u-border-custom-color-16 u-container-align-center u-container-style u-list-item u-repeater-item\">\n                      <div class=\"u-container-layout u-similar-container u-container-layout-22\">\n                        <p class=\"u-text u-text-custom-color-16 u-text-52\">\"\u200b \u200bEt si vos \u00e9quipements IT et AV travaillaient enfin ensemble ? <br>\n                          <br>D\u00e9couvrez comment transformer vos espaces de travail en exp\u00e9riences fluides et intelligentes. <br>Rejoignez notre session et entrez dans le futur du \u201cBetter Together\u201d by HP\"\n                        <\/p>\n                        <img decoding=\"async\" class=\"u-image u-image-contain u-image-round u-radius u-image-17\" src=\"https:\/\/i0.wp.com\/avtechsummit.com\/wp-content\/uploads\/2026\/03\/HP_Poly_logo_lockup_RGB_over_white.jpg?w=1140&#038;ssl=1\" alt=\"\" data-image-width=\"800\" data-image-height=\"450\" data-href=\"https:\/\/www.hp.com\/fr-fr\/poly.html?msockid=1ef78c2cd1ce61653be99a84d0bd60cd\" data-target=\"_blank\" data-recalc-dims=\"1\">\n                        <p class=\"u-text u-text-53\">\n                          <a class=\"u-active-none u-border-none u-btn u-button-link u-button-style u-hover-none u-none u-text-body-color u-btn-25\" href=\"https:\/\/www.linkedin.com\/in\/christophe-herrerias-596a63\/\" target=\"_blank\"> Christophe HERRERIAS - \u200bVideo Category HP Poly<\/a>\n                        <\/p>\n                        <a class=\"u-active-none u-border-none u-btn u-button-link u-button-style u-hover-none u-none u-text-body-color u-btn-26\" href=\"https:\/\/www.linkedin.com\/in\/somsack-soubinh-1888a1\/\" target=\"_blank\"> Somsack  SOUBINH&nbsp; - \u200bTechnical Consultant HP Poly<\/a>\n                        <a class=\"u-active-none u-border-none u-btn u-button-link u-button-style u-hover-none u-none u-text-body-color u-btn-27\" href=\"https:\/\/www.linkedin.com\/in\/vincent-bergamasco-26329933\/\" target=\"_blank\"> Vincent  BERGAMASCO&nbsp; - \u200b\u200b Software Solutions HP Poly<\/a>\n                      <\/div>\n                    <\/div>\n                  <\/div>\n                <\/div>\n                <div class=\"u-expanded-width u-list u-list-21\">\n                  <div class=\"u-repeater u-repeater-21\">\n                    <div class=\"u-align-center u-border-2 u-border-custom-color-16 u-container-align-center u-container-style u-list-item u-repeater-item\">\n                      <div class=\"u-container-layout u-similar-container u-container-layout-23\">\n                        <p class=\"u-text u-text-custom-color-16 u-text-54\">\"\u200b \u200bWorkplace Forward avec Yealink 2026 <br>Vers l'intelligence \u2014 Des exp\u00e9riences bas\u00e9es sur l'IA qui red\u00e9finissent la collaboration <br>Vers la simplicit\u00e9 \u2014 Des solutions tout-en-un qui \u00e9liminent la complexit\u00e9 <br>Vers la confiance \u2014 Des bases s\u00e9curis\u00e9es et conformes pour la croissance de l'entreprise\"\n                        <\/p>\n                        <img decoding=\"async\" class=\"u-image u-image-contain u-image-round u-radius u-image-18\" src=\"https:\/\/i0.wp.com\/avtechsummit.com\/wp-content\/uploads\/2023\/05\/yealink.png?w=1140&#038;ssl=1\" alt=\"\" data-image-width=\"631\" data-image-height=\"116\" data-href=\"https:\/\/www.yealink.com\/fr\" data-target=\"_blank\" data-recalc-dims=\"1\">\n                        <p class=\"u-text u-text-55\">\n                          <a class=\"u-active-none u-border-none u-btn u-button-link u-button-style u-hover-none u-none u-text-body-color u-btn-28\" href=\"https:\/\/www.linkedin.com\/in\/guillaume-lam%C3%A9-37471420\/\" target=\"_blank\">Guillaume LAME&nbsp; - \u200bBusiness Development Manager - Video Conferencing - YEALINK<\/a>\n                        <\/p>\n                      <\/div>\n                    <\/div>\n                  <\/div>\n                <\/div>\n                <div class=\"u-expanded-width u-list u-list-22\">\n                  <div class=\"u-repeater u-repeater-22\">\n                    <div class=\"u-align-center u-border-2 u-border-custom-color-16 u-container-align-center u-container-style u-list-item u-repeater-item\">\n                      <div class=\"u-container-layout u-similar-container u-container-layout-24\">\n                        <p class=\"u-text u-text-custom-color-16 u-text-56\">SUJET A VENIR<\/p>\n                        <img decoding=\"async\" class=\"u-image u-image-contain u-image-default u-image-19\" src=\"https:\/\/i0.wp.com\/avtechsummit.com\/wp-content\/uploads\/2026\/07\/OJMAR_Black.png?w=1140&#038;ssl=1\" alt=\"\" data-image-width=\"800\" data-image-height=\"386\" data-href=\"https:\/\/ojmar.com\/fr\/\" data-target=\"_blank\" data-recalc-dims=\"1\">\n                        <p class=\"u-text u-text-57\">\n                          <a class=\"u-active-none u-border-none u-btn u-button-link u-button-style u-hover-none u-none u-text-body-color u-btn-29\" href=\"\" target=\"_blank\">INTERVENANT A VENIR<\/a>\n                        <\/p>\n                      <\/div>\n                    <\/div>\n                  <\/div>\n                <\/div>\n                <div class=\"u-expanded-width u-list u-list-23\">\n                  <div class=\"u-repeater u-repeater-23\">\n                    <div class=\"u-align-center u-border-2 u-border-custom-color-16 u-container-align-center u-container-style u-list-item u-repeater-item\">\n                      <div class=\"u-container-layout u-similar-container u-container-layout-25\">\n                        <img decoding=\"async\" class=\"u-image u-image-contain u-image-round u-radius u-image-20\" src=\"https:\/\/i0.wp.com\/avtechsummit.com\/wp-content\/uploads\/2023\/08\/CISCO-3.png?w=1140&#038;ssl=1\" alt=\"\" data-image-width=\"800\" data-image-height=\"422\" data-href=\"https:\/\/www.cisco.com\/site\/fr\/fr\/index.html\" data-target=\"_blank\" data-recalc-dims=\"1\">\n                        <p class=\"u-text u-text-custom-color-16 u-text-58\">\"\u200b Workplace Technology \/ Smart Building - Capteurs, donnees, IA, Optimiser les espaces et am\u00e9liorer l'exp\u00e9rience des collaborateurs\"<\/p>\n                        <p class=\"u-text u-text-59\">\n                          <a class=\"u-active-none u-border-none u-btn u-button-link u-button-style u-hover-none u-none u-text-body-color u-btn-30\" href=\"\" target=\"_blank\">INTERVENANT A VENIR<\/a>\n                        <\/p>\n                      <\/div>\n                    <\/div>\n                  <\/div>\n                <\/div>\n                <div class=\"u-expanded-width u-list u-list-24\">\n                  <div class=\"u-repeater u-repeater-24\">\n                    <div class=\"u-align-center u-border-2 u-border-custom-color-16 u-container-align-center u-container-style u-list-item u-repeater-item\">\n                      <div class=\"u-container-layout u-similar-container u-container-layout-26\">\n                        <img decoding=\"async\" class=\"u-image u-image-contain u-image-round u-radius u-image-21\" src=\"https:\/\/i0.wp.com\/avtechsummit.com\/wp-content\/uploads\/2026\/06\/LogodeCDGDveloppementhautedfinition.jpg?w=1140&#038;ssl=1\" alt=\"\" data-image-width=\"575\" data-image-height=\"580\" data-href=\"https:\/\/cdgdev.ma\/\" data-target=\"_blank\" data-recalc-dims=\"1\">\n                        <p class=\"u-text u-text-custom-color-16 u-text-60\">\"\u200b \u200bComment un grand investisseur public marocain int\u00e8gre le Smart Building et la transformation digitale dans ses projets de d\u00e9veloppement immobilier\"<\/p>\n                        <p class=\"u-text u-text-61\">\n                          <a class=\"u-active-none u-border-none u-btn u-button-link u-button-style u-hover-none u-none u-text-body-color u-btn-31\" href=\"https:\/\/www.linkedin.com\/in\/mohammed-amin-el-hajhouj-96105623b\/\" target=\"_blank\"> Mohammed Amin EL HAJHOUJ \u2013 Directeur G\u00e9n\u00e9ral D\u00e9l\u00e9gu\u00e9 - CDG D\u00e9veloppement<\/a>\n                        <\/p>\n                      <\/div>\n                    <\/div>\n                  <\/div>\n                <\/div>\n              <\/div>\n            <\/div>\n          <\/div>\n        <\/div>\n      <\/div>\n    <\/section>\n    <section class=\"u-align-left u-clearfix u-container-align-left u-hidden-xl u-section-6\" id=\"sec-a4b1\">\n      <div class=\"u-clearfix u-sheet u-sheet-1\">\n        <div class=\"u-expanded-width u-tab-links-align-justify u-tabs u-tabs-1\">\n          <ul class=\"u-spacing-30 u-tab-list u-unstyled\" role=\"tablist\"><li class=\"u-tab-item u-tab-item-1\" role=\"presentation\"><a class=\"active u-active-custom-color-1 u-button-style u-tab-link u-tab-link-1\" id=\"link-tab-ad4d\" href=\"#tab-ad4d\" role=\"tab\" aria-controls=\"tab-ad4d\" aria-selected=\"true\">Mercredi 15 octobre<\/a>\n<\/li><\/ul>\n          <div class=\"u-tab-content\">\n            <div class=\"u-container-style u-tab-active u-tab-pane u-tab-pane-1\" id=\"tab-ad4d\" role=\"tabpanel\" aria-labelledby=\"link-tab-ad4d\">\n              <div class=\"u-container-layout u-container-layout-1\">\n                <h1 class=\"u-align-center u-text u-text-default u-text-1\">11h<\/h1>\n              <\/div>\n            <\/div>\n          <\/div>\n        <\/div>\n        <div class=\"data-layout-selected u-clearfix u-expanded-width u-gutter-0 u-layout-wrap u-layout-wrap-1\">\n          <div class=\"u-layout\" style=\"\">\n            <div class=\"u-layout-row\" style=\"\">\n              <div class=\"u-align-left u-container-align-left u-container-style u-layout-cell u-left-cell u-size-22 u-size-xs-60 u-layout-cell-1\" src=\"\">\n                <div class=\"u-container-layout u-container-layout-2\" src=\"\">\n                  <img decoding=\"async\" class=\"u-image u-image-contain u-image-default u-image-1\" src=\"https:\/\/i0.wp.com\/avtechsummit.com\/wp-content\/uploads\/2025\/06\/Vecos.png?w=1140&#038;ssl=1\" alt=\"\" data-image-width=\"800\" data-image-height=\"400\" data-href=\"https:\/\/www.vecos.com\/fr\/\" data-target=\"_blank\" data-recalc-dims=\"1\">\n                  <img decoding=\"async\" class=\"u-image u-image-default u-image-2\" src=\"https:\/\/i0.wp.com\/avtechsummit.com\/wp-content\/uploads\/2025\/09\/EYLOGO-scaled.png?w=1140&#038;ssl=1\" alt=\"\" data-image-width=\"3840\" data-image-height=\"2160\" data-recalc-dims=\"1\">\n                <\/div>\n              <\/div>\n              <div class=\"u-container-style u-custom-color-1 u-layout-cell u-right-cell u-size-38 u-size-xs-60 u-layout-cell-2\">\n                <div class=\"u-container-layout u-container-layout-3\">\n                  <h2 class=\"u-align-center u-text u-text-custom-color-15 u-text-default u-text-2\">SUJET<\/h2>\n                  <p class=\"u-align-center u-text u-text-3\"><span style=\"font-size: 1.25rem;\"><\/span> \"Inside EY : D\u00e9couvrir les comportements des employ\u00e9s qui maximisent la performance sur le lieu de travail Smart\"<br>\n                  <\/p>\n                  <h2 class=\"u-align-center u-text u-text-custom-color-15 u-text-default u-text-4\">INTERVENANTS<\/h2>\n                  <p class=\"u-align-center u-text u-text-5\"> Daniel VARELA - <span style=\"font-weight: 400;\">Workplace Consultant chez Vecos<\/span>\n                    <br>Mathieu DELEMAZURE - <span style=\"font-weight: 400;\">Manager at EY<\/span>\n                  <\/p>\n                <\/div>\n              <\/div>\n            <\/div>\n          <\/div>\n        <\/div>\n        <div class=\"data-layout-selected u-clearfix u-expanded-width u-gutter-0 u-layout-wrap u-layout-wrap-2\">\n          <div class=\"u-layout\" style=\"\">\n            <div class=\"u-layout-row\" style=\"\">\n              <div class=\"u-align-left u-container-align-left u-container-style u-layout-cell u-left-cell u-size-22 u-size-xs-60 u-layout-cell-3\" src=\"\">\n                <div class=\"u-container-layout u-valign-middle u-container-layout-4\" src=\"\">\n                  <img decoding=\"async\" class=\"custom-expanded u-image u-image-3\" src=\"https:\/\/i0.wp.com\/avtechsummit.com\/wp-content\/uploads\/2025\/06\/OZITEMBLEU.png?w=1140&#038;ssl=1\" data-image-width=\"1088\" data-image-height=\"272\" data-href=\"https:\/\/www.bing.com\/search?q=OZITEM&amp;qs=n&amp;form=QBRE&amp;sp=-1&amp;ghc=1&amp;lq=0&amp;pq=ozitem&amp;sc=12-6&amp;sk=&amp;cvid=B9BB84D63DE04B64B17C8373E2A9984B\" data-target=\"_blank\" data-recalc-dims=\"1\">\n                <\/div>\n              <\/div>\n              <div class=\"u-container-style u-custom-color-1 u-layout-cell u-right-cell u-size-38 u-size-xs-60 u-layout-cell-4\">\n                <div class=\"u-container-layout u-container-layout-5\">\n                  <h2 class=\"u-align-center u-text u-text-custom-color-15 u-text-default u-text-6\">SUJET<\/h2>\n                  <p class=\"u-align-center u-text u-text-7\"><span style=\"font-weight: 700;\">\" <\/span><span style=\"font-weight: 700;\"> Convergence croissante entre l\u2019IT et l\u2019audiovisuel, et la mani\u00e8re dont nous avons, chez OZITEM int\u00e9gr\u00e9 ces deux univers pour mieux r\u00e9pondre aux besoins de nos clients.\"<\/span>\n                    <br><span style=\"font-size: 1.125rem;\">Un cas client concret sera mis en avant, illustrant cette compl\u00e9mentarit\u00e9.<\/span>\n                    <br>\n                  <\/p>\n                  <h2 class=\"u-align-center u-text u-text-custom-color-15 u-text-default u-text-8\">INTERVENANTS<\/h2>\n                  <p class=\"u-align-center u-text u-text-9\"> Laurence POVREAU - <span style=\"font-weight: 400;\">Responsable BU Audiovisuel<\/span>\n                    <br>\n                  <\/p>\n                <\/div>\n              <\/div>\n            <\/div>\n          <\/div>\n        <\/div>\n        <h1 class=\"u-align-center u-text u-text-default u-text-10\">11h45<\/h1>\n        <div class=\"data-layout-selected u-clearfix u-expanded-width u-gutter-0 u-layout-wrap u-layout-wrap-3\">\n          <div class=\"u-layout\" style=\"\">\n            <div class=\"u-layout-row\" style=\"\">\n              <div class=\"u-align-left u-container-align-left u-container-style u-layout-cell u-left-cell u-size-22 u-size-xs-60 u-layout-cell-5\" src=\"\">\n                <div class=\"u-container-layout u-valign-middle u-container-layout-6\" src=\"\">\n                  <img decoding=\"async\" class=\"u-image u-image-contain u-image-default u-image-4\" src=\"https:\/\/i0.wp.com\/avtechsummit.com\/wp-content\/uploads\/2025\/06\/logo_lockup_HP_Poly_RGB.jpg?w=1140&#038;ssl=1\" alt=\"\" data-image-width=\"1696\" data-image-height=\"1000\" data-href=\"https:\/\/www.hp.com\/fr-fr\/shop\/?_gl=1*17vnenx*_up*MQ..&amp;gclid=9702bc5e627c1de13427d4247732c696&amp;gclsrc=3p.ds\" data-target=\"_blank\" data-recalc-dims=\"1\">\n                <\/div>\n              <\/div>\n              <div class=\"u-container-style u-custom-color-1 u-layout-cell u-right-cell u-size-38 u-size-xs-60 u-layout-cell-6\">\n                <div class=\"u-container-layout u-container-layout-7\">\n                  <h2 class=\"u-align-center u-text u-text-custom-color-15 u-text-default u-text-11\">SUJET<\/h2>\n                  <p class=\"u-align-center u-text u-text-12\"><span style=\"font-size: 1.25rem;\"> \"<\/span><span style=\"font-weight: 700;\">Mettez un(e) V12 dans vos salles de r\u00e9unions&nbsp;!\"<br><\/span><span style=\"font-size: 1.125rem;\">Transformez chaque r\u00e9union en une exp\u00e9rience exceptionnelle gr\u00e2ce \u00e0 la barre vid\u00e9o USB Poly Studio V12.<\/span>\n                    <br>\n                  <\/p>\n                  <h2 class=\"u-align-center u-text u-text-custom-color-15 u-text-default u-text-13\">INTERVENANTS<\/h2>\n                  <p class=\"u-align-center u-text u-text-14\"><b>Christophe HERRERIAS<\/b>&nbsp;-&nbsp;<span style=\"font-weight: 400;\">Video Solutions Business Development Manager \u2013 HP Poly Category Europe du Sud<\/span><b>\n                      <br>Samuel BRAYET<\/b>&nbsp;: <span style=\"font-weight: 400;\">Technical Consultant \u2013 HP Poly France<\/span>\n                    <br>\n                  <\/p>\n                <\/div>\n              <\/div>\n            <\/div>\n          <\/div>\n        <\/div>\n        <div class=\"data-layout-selected u-clearfix u-expanded-width u-gutter-0 u-layout-wrap u-layout-wrap-4\">\n          <div class=\"u-layout\" style=\"\">\n            <div class=\"u-layout-row\" style=\"\">\n              <div class=\"u-align-left u-container-align-left u-container-style u-layout-cell u-left-cell u-size-22 u-size-xs-60 u-layout-cell-7\" src=\"\">\n                <div class=\"u-container-layout u-valign-middle u-container-layout-8\" src=\"\">\n                  <img decoding=\"async\" class=\"u-image u-image-contain u-image-default u-image-5\" src=\"https:\/\/i0.wp.com\/avtechsummit.com\/wp-content\/uploads\/2023\/08\/X2O_STRATACACHE_company_logo_L.png?w=1140&#038;ssl=1\" alt=\"\" data-image-width=\"1440\" data-image-height=\"314\" data-href=\"https:\/\/www.x2omedia.com\/en\/\" data-target=\"_blank\" data-recalc-dims=\"1\">\n                <\/div>\n              <\/div>\n              <div class=\"u-container-style u-custom-color-1 u-layout-cell u-right-cell u-size-38 u-size-xs-60 u-layout-cell-8\">\n                <div class=\"u-container-layout u-container-layout-9\">\n                  <h2 class=\"u-align-center u-text u-text-custom-color-15 u-text-default u-text-15\">SUJET<\/h2>\n                  <p class=\"u-align-center u-text u-text-16\"><span style=\"font-size: 1.25rem;\"> \"<\/span>Naviguer dans l'apprentissage hybride pour les industries complexes <span style=\"font-size: 1.125rem;\">.\"<\/span>\n                    <br>\n                  <\/p>\n                  <h2 class=\"u-align-center u-text u-text-custom-color-15 u-text-default u-text-17\">INTERVENANTS<\/h2>\n                  <p class=\"u-align-center u-text u-text-18\"> Bernardo AMADOR -&nbsp;<span style=\"font-weight: 400;\">Country Manager<\/span>\n                    <br>\n                  <\/p>\n                <\/div>\n              <\/div>\n            <\/div>\n          <\/div>\n        <\/div>\n        <h1 class=\"u-align-center u-text u-text-default u-text-19\">15h<\/h1>\n        <div class=\"data-layout-selected u-clearfix u-expanded-width u-gutter-0 u-layout-wrap u-layout-wrap-5\">\n          <div class=\"u-layout\" style=\"\">\n            <div class=\"u-layout-row\" style=\"\">\n              <div class=\"u-align-left u-container-align-left u-container-style u-layout-cell u-left-cell u-size-22 u-size-xs-60 u-layout-cell-9\" src=\"\">\n                <div class=\"u-container-layout u-valign-middle u-container-layout-10\" src=\"\">\n                  <img decoding=\"async\" class=\"custom-expanded u-image u-image-contain u-image-6\" src=\"https:\/\/i0.wp.com\/avtechsummit.com\/wp-content\/uploads\/2023\/08\/DELLTECHNOLOGIES-2.png?w=1140&#038;ssl=1\" data-image-width=\"4238\" data-image-height=\"550\" data-href=\"https:\/\/www.dell.com\/fr-fr\/shop\/deals\/top-pc-deals?gacd=9695581-5574-5763017-320792554-0&amp;dgc=st&amp;SA360CID=71700000111512364&amp;gclid=2dff5760f72f157487513ff08527a96c&amp;gclsrc=3p.ds&amp;&amp;msclkid=2dff5760f72f157487513ff08527a96c&amp;utm_source=bing&amp;utm_medium=cpc&amp;utm_campaign=BING_FR_BSP_TXT_Pan-Dell_Pure%20Brand&amp;utm_term=dell&amp;utm_content=Pure%20Brand_Dell\" data-target=\"_blank\" data-recalc-dims=\"1\">\n                <\/div>\n              <\/div>\n              <div class=\"u-container-style u-custom-color-1 u-layout-cell u-right-cell u-size-38 u-size-xs-60 u-layout-cell-10\">\n                <div class=\"u-container-layout u-container-layout-11\">\n                  <h2 class=\"u-align-center u-text u-text-custom-color-15 u-text-default u-text-20\">SUJET<\/h2>\n                  <p class=\"u-align-center u-text u-text-21\"><span style=\"font-size: 20px;\"> \"<\/span>Du PC aux Accessoires&nbsp;: une gestion des postes clients repens\u00e9e, en toute simplicit\u00e9\"\n                  <\/p>\n                  <h2 class=\"u-align-center u-text u-text-custom-color-15 u-text-default u-text-22\">INTERVENANTS<\/h2>\n                  <p class=\"u-align-center u-text u-text-23\"> Michael LE SCOUEZEC - <span style=\"font-weight: 400;\">Chef produits Collaboration<\/span>\n                    <br>\n                  <\/p>\n                <\/div>\n              <\/div>\n            <\/div>\n          <\/div>\n        <\/div>\n        <div class=\"data-layout-selected u-clearfix u-expanded-width u-gutter-0 u-layout-wrap u-layout-wrap-6\">\n          <div class=\"u-layout\" style=\"\">\n            <div class=\"u-layout-row\" style=\"\">\n              <div class=\"u-align-left u-container-align-left u-container-style u-layout-cell u-left-cell u-size-22 u-size-xs-60 u-layout-cell-11\" src=\"\">\n                <div class=\"u-container-layout u-valign-top u-container-layout-12\" src=\"\">\n                  <img decoding=\"async\" class=\"custom-expanded u-image u-image-contain u-image-7\" src=\"https:\/\/i0.wp.com\/avtechsummit.com\/wp-content\/uploads\/2023\/08\/COMEEN-3.png?w=1140&#038;ssl=1\" data-image-width=\"873\" data-image-height=\"222\" data-href=\"https:\/\/comeen.com\/fr\" data-target=\"_blank\" data-recalc-dims=\"1\">\n                  <img decoding=\"async\" class=\"u-image u-image-contain u-image-default u-image-8\" src=\"https:\/\/i0.wp.com\/avtechsummit.com\/wp-content\/uploads\/2025\/10\/DALKIA.jpg?w=1140&#038;ssl=1\" alt=\"\" data-image-width=\"1200\" data-image-height=\"627\" data-recalc-dims=\"1\">\n                <\/div>\n              <\/div>\n              <div class=\"u-container-style u-custom-color-1 u-layout-cell u-right-cell u-size-38 u-size-xs-60 u-layout-cell-12\">\n                <div class=\"u-container-layout u-container-layout-13\">\n                  <h2 class=\"u-align-center u-text u-text-custom-color-15 u-text-default u-text-24\">SUJET<\/h2>\n                  <p class=\"u-align-center u-text u-text-25\"> \"1 salle de r\u00e9union sur 3 est r\u00e9serv\u00e9e pour rien. Avec&nbsp;Comeen, elle trouve preneur.\"<\/p>\n                  <h2 class=\"u-align-center u-text u-text-custom-color-15 u-text-default u-text-26\">INTERVENANTS<\/h2>\n                  <p class=\"u-align-center u-text u-text-27\"><b><\/b>Benjamin GAUTHIER - <span style=\"font-weight: 400;\">CEO Comeen<\/span>\n                    <br>Jeanne FOMBA - <span style=\"font-weight: 400;\">Responsable de domaine outils collaboratifs, transformation digitale, change Management DALKIA<\/span>\n                  <\/p>\n                <\/div>\n              <\/div>\n            <\/div>\n          <\/div>\n        <\/div>\n        <h1 class=\"u-align-center u-text u-text-default u-text-28\">15h45<\/h1>\n        <div class=\"data-layout-selected u-clearfix u-expanded-width u-gutter-0 u-layout-wrap u-layout-wrap-7\">\n          <div class=\"u-layout\" style=\"\">\n            <div class=\"u-layout-row\" style=\"\">\n              <div class=\"u-align-left u-container-align-left u-container-style u-layout-cell u-left-cell u-size-22 u-size-xs-60 u-layout-cell-13\" src=\"\">\n                <div class=\"u-container-layout u-valign-middle u-container-layout-14\" src=\"\">\n                  <img decoding=\"async\" class=\"custom-expanded u-image u-image-9\" src=\"https:\/\/i0.wp.com\/avtechsummit.com\/wp-content\/uploads\/2023\/08\/PhilipsMonitors.jpg?w=1140&#038;ssl=1\" data-image-width=\"800\" data-image-height=\"456\" data-href=\"https:\/\/www.philips.fr\/c-m-so\/moniteurs?clickref=1011lBsYfUXa&amp;origin=2_fr_fr___1101l15926_____wildlink_____Cashback%2FLoyalty___pz&amp;utm_source=1101l15926&amp;utm_medium=affiliate&amp;utm_campaign=partnerize&amp;utm_content=Cashback%2FLoyalty&amp;utm_term=wildlink\" data-target=\"_blank\" data-recalc-dims=\"1\">\n                <\/div>\n              <\/div>\n              <div class=\"u-container-style u-custom-color-1 u-layout-cell u-right-cell u-size-38 u-size-xs-60 u-layout-cell-14\">\n                <div class=\"u-container-layout u-container-layout-15\">\n                  <h2 class=\"u-align-center u-text u-text-custom-color-15 u-text-default u-text-29\">SUJET<\/h2>\n                  <p class=\"u-align-center u-text u-text-30\"><span style=\"font-size: 1.25rem;\"><\/span><span style=\"font-weight: 700;\"><\/span> \"Comment le moniteur est devenu le hub d'information du bureau ?\"&nbsp;<br>\n                  <\/p>\n                  <h2 class=\"u-align-center u-text u-text-custom-color-15 u-text-default u-text-31\">INTERVENANTS<\/h2>\n                  <p class=\"u-align-center u-text u-text-32\"><b><\/b> Christophe GABORIT - <span style=\"font-weight: 400;\">CEO Winning Company<\/span>\n                    <br>\n                  <\/p>\n                <\/div>\n              <\/div>\n            <\/div>\n          <\/div>\n        <\/div>\n        <div class=\"data-layout-selected u-clearfix u-expanded-width u-gutter-0 u-layout-wrap u-layout-wrap-8\">\n          <div class=\"u-layout\" style=\"\">\n            <div class=\"u-layout-row\" style=\"\">\n              <div class=\"u-align-left u-container-align-left u-container-style u-layout-cell u-left-cell u-size-22 u-size-xs-60 u-layout-cell-15\" src=\"\">\n                <div class=\"u-container-layout u-container-layout-16\" src=\"\">\n                  <img decoding=\"async\" class=\"custom-expanded u-image u-image-10\" src=\"https:\/\/i0.wp.com\/avtechsummit.com\/wp-content\/uploads\/2025\/06\/kramer_logo_print-scaled.png?w=1140&#038;ssl=1\" data-image-width=\"3000\" data-image-height=\"975\" data-href=\"https:\/\/www.kramerav.com\/?_gl=1*iaggb2*_gcl_au*MTkyNzE0ODU5LjE3NTI2NTc5MTU.*_ga*MTgwODU0NDMxOC4xNzUyNjU3OTE2*_ga_CEMNPB30MX*czE3NTI2NTc5MTUkbzEkZzAkdDE3NTI2NTc5MTYkajU5JGwwJGg2NjIzNjMxNjI.&amp;_ga=2.98579864.783860729.1752657916-1808544318.1752657916\" data-target=\"_blank\" data-recalc-dims=\"1\">\n                  <img decoding=\"async\" class=\"u-image u-image-contain u-image-default u-image-11\" src=\"https:\/\/i0.wp.com\/avtechsummit.com\/wp-content\/uploads\/2025\/09\/ashton-bentley-1.webp?w=1140&#038;ssl=1\" alt=\"\" data-image-width=\"440\" data-image-height=\"259\" data-recalc-dims=\"1\">\n                <\/div>\n              <\/div>\n              <div class=\"u-container-style u-custom-color-1 u-layout-cell u-right-cell u-size-38 u-size-xs-60 u-layout-cell-16\">\n                <div class=\"u-container-layout u-container-layout-17\">\n                  <h2 class=\"u-align-center u-text u-text-custom-color-15 u-text-default u-text-33\">SUJET<\/h2>\n                  <p class=\"u-align-center u-text u-text-34\"><span style=\"font-size: 1.25rem;\"><\/span> \"Ashton\n  Bentley by Kramer \u2013 L\u2019efficacit\u00e9 au service de vos Microsoft Teams Rooms\"<br>\n                  <\/p>\n                  <h2 class=\"u-align-center u-text u-text-custom-color-15 u-text-default u-text-35\">INTERVENANTS<\/h2>\n                  <p class=\"u-align-center u-text u-text-36\"> Roger McArdell - <span style=\"font-weight: 400;\">Director of Ashton BENTLEY<\/span>\n                    <br>\n                  <\/p>\n                <\/div>\n              <\/div>\n            <\/div>\n          <\/div>\n        <\/div>\n        <h1 class=\"u-align-center u-text u-text-default u-text-37\">16h30<\/h1>\n        <div class=\"data-layout-selected u-clearfix u-expanded-width u-gutter-0 u-layout-wrap u-layout-wrap-9\">\n          <div class=\"u-layout\" style=\"\">\n            <div class=\"u-layout-row\" style=\"\">\n              <div class=\"u-align-left u-container-align-left u-container-style u-layout-cell u-left-cell u-size-22 u-size-xs-60 u-layout-cell-17\" src=\"\">\n                <div class=\"u-container-layout u-valign-middle u-container-layout-18\" src=\"\">\n                  <img decoding=\"async\" class=\"u-image u-image-contain u-image-default u-image-12\" src=\"https:\/\/i0.wp.com\/avtechsummit.com\/wp-content\/uploads\/2023\/08\/CISCO-3.png?w=1140&#038;ssl=1\" alt=\"\" data-image-width=\"1200\" data-image-height=\"633\" data-href=\"https:\/\/www.cisco.com\/site\/fr\/fr\/index.html\" data-target=\"_blank\" data-recalc-dims=\"1\">\n                <\/div>\n              <\/div>\n              <div class=\"u-container-style u-custom-color-1 u-layout-cell u-right-cell u-size-38 u-size-xs-60 u-layout-cell-18\">\n                <div class=\"u-container-layout u-container-layout-19\">\n                  <h2 class=\"u-align-center u-text u-text-custom-color-15 u-text-default u-text-38\">SUJET<\/h2>\n                  <p class=\"u-align-center u-text u-text-39\"><span style=\"font-size: 20px;\">\"\u200bLa Collaboration Cisco au c\u0153ur du nouveau b\u00e2timent : retour d\u2019exp\u00e9rience client.\"<\/span>\n                  <\/p>\n                  <h2 class=\"u-align-center u-text u-text-custom-color-15 u-text-default u-text-40\">INTERVENANTS<\/h2>\n                  <p class=\"u-align-center u-text u-text-41\">\n                    <br>\n                  <\/p>\n                  <p class=\"u-align-center u-text u-text-42\"> Emmanuel Tamiatto  - <span style=\"font-weight: 400;\"> Cisco Collaboration Solutions Engineer<\/span>\n                    <br>\n                  <\/p>\n                <\/div>\n              <\/div>\n            <\/div>\n          <\/div>\n        <\/div>\n        <div class=\"data-layout-selected u-clearfix u-expanded-width u-gutter-0 u-layout-wrap u-layout-wrap-10\">\n          <div class=\"u-layout\" style=\"\">\n            <div class=\"u-layout-row\" style=\"\">\n              <div class=\"u-align-left u-container-align-left u-container-style u-layout-cell u-left-cell u-size-22 u-size-xs-60 u-layout-cell-19\" src=\"\">\n                <div class=\"u-container-layout u-container-layout-20\" src=\"\">\n                  <img decoding=\"async\" class=\"u-image u-image-default u-image-13\" src=\"https:\/\/i0.wp.com\/avtechsummit.com\/wp-content\/uploads\/2023\/08\/LOGONETISSEORANGE.jpg?w=1140&#038;ssl=1\" alt=\"\" data-image-width=\"1172\" data-image-height=\"415\" data-href=\"https:\/\/www.netisse.fr\/fr\/\" data-target=\"_blank\" data-recalc-dims=\"1\">\n                  <img decoding=\"async\" class=\"u-image u-image-contain u-image-default u-image-14\" src=\"https:\/\/i0.wp.com\/avtechsummit.com\/wp-content\/uploads\/2025\/06\/20211215_lpg_logo_rvb-61b9b45255c3c-scaled.jpg?w=1140&#038;ssl=1\" alt=\"\" data-image-width=\"2632\" data-image-height=\"1855\" data-href=\"https:\/\/www.lapostegroupe.com\/fr\" data-target=\"_blank\" data-recalc-dims=\"1\">\n                <\/div>\n              <\/div>\n              <div class=\"u-container-style u-custom-color-1 u-layout-cell u-right-cell u-size-38 u-size-xs-60 u-layout-cell-20\">\n                <div class=\"u-container-layout u-container-layout-21\">\n                  <h2 class=\"u-align-center u-text u-text-custom-color-15 u-text-default u-text-43\">SUJET<\/h2>\n                  <p class=\"u-align-center u-text u-text-44\"><span style=\"font-size: 1.25rem;\"><\/span> \"La mise en \u0153uvre et le pilotage de la digitalisation des espaces et ressources partag\u00e9es au sein de la Maison de l\u2019Innovation de La Poste Groupe\"<br>\n                  <\/p>\n                  <h2 class=\"u-align-center u-text u-text-custom-color-15 u-text-default u-text-45\">INTERVENANTS<\/h2>\n                  <p class=\"u-align-center u-text u-text-46\"> Nabil BEN HADID - <span style=\"font-weight: 400;\">PDG Netisse<\/span>\n                    <br>Nicolas PARIS - <span style=\"font-weight: 400;\">DGA Netisse&nbsp;<\/span>\n                    <br>Philippe JOURDREN - <span style=\"font-weight: 400;\">Chef de projet SI Maison de l'Innovation<br>La Poste Groupe<\/span>\n                    <br>\n                  <\/p>\n                <\/div>\n              <\/div>\n            <\/div>\n          <\/div>\n        <\/div>\n        <h1 class=\"u-align-center u-text u-text-default u-text-47\">17h15<\/h1>\n        <div class=\"data-layout-selected u-clearfix u-expanded-width u-gutter-0 u-layout-wrap u-layout-wrap-11\">\n          <div class=\"u-layout\" style=\"\">\n            <div class=\"u-layout-row\" style=\"\">\n              <div class=\"u-align-left u-container-align-left u-container-style u-layout-cell u-left-cell u-size-22 u-size-xs-60 u-layout-cell-21\" src=\"\" data-href=\"https:\/\/www.vitec.com\/\" data-target=\"_blank\">\n                <div class=\"u-container-layout u-container-layout-22\" src=\"\">\n                  <img decoding=\"async\" class=\"u-image u-image-contain u-image-default u-image-15\" src=\"https:\/\/i0.wp.com\/avtechsummit.com\/wp-content\/uploads\/2025\/06\/VITEC-scaled.jpg?w=1140&#038;ssl=1\" alt=\"\" data-image-width=\"2560\" data-image-height=\"1440\" data-recalc-dims=\"1\">\n                <\/div>\n              <\/div>\n              <div class=\"u-container-style u-custom-color-1 u-layout-cell u-right-cell u-size-38 u-size-xs-60 u-layout-cell-22\">\n                <div class=\"u-container-layout u-container-layout-23\">\n                  <h2 class=\"u-align-center u-text u-text-custom-color-15 u-text-default u-text-48\">SUJET<\/h2>\n                  <p class=\"u-align-center u-text u-text-49\"><span style=\"font-size: 1.25rem;\"><\/span> \"Relever les d\u00e9fis de l'IPTV et de l'affichage dynamique de votre organisation avec VIT\u200bEC\"<br>\n                  <\/p>\n                  <h2 class=\"u-align-center u-text u-text-custom-color-15 u-text-default u-text-50\">INTERVENANTS<\/h2>\n                  <p class=\"u-align-center u-text u-text-51\"> Eric DENIAU - <span style=\"font-weight: 400;\">Senior Vice Pr\u00e9sident of Research and Development<\/span>\n                    <br>Thibaut BOISSOT - <span style=\"font-weight: 400;\">Connect Sales Manager<\/span>\n                    <br>\n                  <\/p>\n                <\/div>\n              <\/div>\n            <\/div>\n          <\/div>\n        <\/div>\n        <div class=\"data-layout-selected u-clearfix u-expanded-width u-gutter-0 u-layout-wrap u-layout-wrap-12\">\n          <div class=\"u-layout\" style=\"\">\n            <div class=\"u-layout-row\" style=\"\">\n              <div class=\"u-align-left u-container-align-left u-container-style u-layout-cell u-left-cell u-size-22 u-size-xs-60 u-layout-cell-23\" src=\"\">\n                <div class=\"u-container-layout u-valign-middle u-container-layout-24\" src=\"\">\n                  <img decoding=\"async\" class=\"u-image u-image-contain u-image-default u-image-16\" src=\"https:\/\/i0.wp.com\/avtechsummit.com\/wp-content\/uploads\/2023\/08\/CISCO-3.png?w=1140&#038;ssl=1\" alt=\"\" data-image-width=\"1200\" data-image-height=\"633\" data-recalc-dims=\"1\">\n                <\/div>\n              <\/div>\n              <div class=\"u-container-style u-custom-color-1 u-layout-cell u-right-cell u-size-38 u-size-xs-60 u-layout-cell-24\">\n                <div class=\"u-container-layout u-container-layout-25\">\n                  <h2 class=\"u-align-center u-text u-text-custom-color-15 u-text-default u-text-52\">SUJET<\/h2>\n                  <p class=\"u-align-center u-text u-text-53\"><span style=\"font-size: 20px;\"><\/span>Transformer l\u2019immobilier d\u2019entreprise gr\u00e2ce \u00e0 la donn\u00e9e et aux espaces intelligents\n                  <\/p>\n                  <h2 class=\"u-align-center u-text u-text-custom-color-15 u-text-default u-text-54\">INTERVENANTS<\/h2>\n                  <p class=\"u-align-center u-text u-text-55\">Xavier HEMERY - <span style=\"font-weight: 400;\"><\/span><span style=\"font-weight: 400;\">Manager de l\u2019\u00e9quipe Ing\u00e9nierie des Solutions Collaboration de Cisco South EMEA<\/span>\n                    <br>\n                    <br>\n                  <\/p>\n                <\/div>\n              <\/div>\n            <\/div>\n          <\/div>\n        <\/div>\n      <\/div>\n    <\/section>\n    \n    \n    \n    \n  \n","protected":false},"excerpt":{"rendered":"<p>Retrouvez les Conf\u00e9rences et Paroles d&rsquo;Experts 2026&nbsp;&nbsp; Une Conf\u00e9rence, pourquoi ? Pour des \u200bpr\u00e9sentations de cas d\u2019usages, produits, solutions, r\u00e9alisations de projets, retours d\u2019exp\u00e9riences clients.&nbsp;Par des fabricants, int\u00e9grateurs, bureaux d\u2019\u00e9tudes et usagers&nbsp;&nbsp; Une Parole d&rsquo;Experts, pourquoi ? Pour des \u200bpr\u00e9sentations de cas d\u2019usages, produits, solutions, r\u00e9alisations de projets, retours d\u2019exp\u00e9riences clients.&nbsp;Par des fabricants, int\u00e9grateurs, bureaux &hellip; <a href=\"https:\/\/avtechsummit.com\/index.php\/les-paroles-des-experts-3\/\" class=\"more-link\">Continue reading<span class=\"screen-reader-text\"> \u00ab\u00a0Paroles experts\u00a0\u00bb<\/span><\/a><\/p>\n","protected":false},"author":1,"featured_media":0,"parent":0,"menu_order":8,"comment_status":"closed","ping_status":"closed","template":"","meta":{"footnotes":""},"class_list":["post-803","page","type-page","status-publish","hentry"],"jetpack_sharing_enabled":true,"_links":{"self":[{"href":"https:\/\/avtechsummit.com\/index.php\/wp-json\/wp\/v2\/pages\/803","targetHints":{"allow":["GET"]}}],"collection":[{"href":"https:\/\/avtechsummit.com\/index.php\/wp-json\/wp\/v2\/pages"}],"about":[{"href":"https:\/\/avtechsummit.com\/index.php\/wp-json\/wp\/v2\/types\/page"}],"author":[{"embeddable":true,"href":"https:\/\/avtechsummit.com\/index.php\/wp-json\/wp\/v2\/users\/1"}],"replies":[{"embeddable":true,"href":"https:\/\/avtechsummit.com\/index.php\/wp-json\/wp\/v2\/comments?post=803"}],"version-history":[{"count":212,"href":"https:\/\/avtechsummit.com\/index.php\/wp-json\/wp\/v2\/pages\/803\/revisions"}],"predecessor-version":[{"id":6873,"href":"https:\/\/avtechsummit.com\/index.php\/wp-json\/wp\/v2\/pages\/803\/revisions\/6873"}],"wp:attachment":[{"href":"https:\/\/avtechsummit.com\/index.php\/wp-json\/wp\/v2\/media?parent=803"}],"curies":[{"name":"wp","href":"https:\/\/api.w.org\/{rel}","templated":true}]}}